{"id":78,"date":"2016-09-16T12:48:03","date_gmt":"2016-09-16T10:48:03","guid":{"rendered":"http:\/\/peterundpaul-choere.de\/chor_wp\/?page_id=78"},"modified":"2018-03-14T10:58:43","modified_gmt":"2018-03-14T09:58:43","slug":"musik-repertoire","status":"publish","type":"page","link":"https:\/\/peterundpaul-choere.de\/chor_wp\/index.php\/ueber-uns\/musik-repertoire\/","title":{"rendered":"Musik &#038; Repertoire"},"content":{"rendered":"<h2>Die Musik<\/h2>\n<p>Zum Repertoire geh\u00f6ren u. a. Messen von\u00a0 Wolfgang Amadeus Mozart, Joseph und Michael Haydn, Franz Schubert, Antonin Dvo\u0159\u00e1k und viele Motetten alter und zeitgen\u00f6ssischer Meister wie John Rutter und Christopher Tambling.<br \/>\nF\u00fcr seine musikalischen Verdienste wurde dem Chor 1999 zum hundertj\u00e4hrigen Jubil\u00e4um vom <a href=\"http:\/\/www.caecilienverband-freiburg.de\/\" target=\"_blank\" rel=\"noopener\">Di\u00f6zesan-C\u00e4cilien-Verband Freiburg<\/a> die <a href=\"https:\/\/de.wikipedia.org\/wiki\/Giovanni_Pierluigi_da_Palestrina\" target=\"_blank\" rel=\"noopener\">Palestrina-Medaille<\/a> verliehen.<\/p>\n<h2>Repertoire<\/h2>\n<p>Die Tabelle enth\u00e4lt (auszugsweise und ohne Anspruch auf Vollst\u00e4ndigkeit) bereits ge\u00fcbte und aufgef\u00fchrte St\u00fccke in chronologischer Folge .<br \/>\nK = Kirchenchor<br \/>\nO = Oratorienchor<\/p>\n\n<table id=\"tablepress-2\" class=\"tablepress tablepress-id-2\">\n<thead>\n<tr class=\"row-1\">\n\t<th class=\"column-1\">Anlass<\/th><th class=\"column-2\">Chor<\/th><th class=\"column-3\">Werke<\/th><th class=\"column-4\">Komponisten<\/th>\n<\/tr>\n<\/thead>\n<tbody class=\"row-striping row-hover\">\n<tr class=\"row-2\">\n\t<td class=\"column-1\">2022 Weihnachten<\/td><td class=\"column-2\">K<\/td><td class=\"column-3\">\"Messe br\u00e8ve\" no.7<br \/>\n<\/td><td class=\"column-4\">Charles Gounod<br \/>\n<br \/>\n<\/td>\n<\/tr>\n<tr class=\"row-3\">\n\t<td class=\"column-1\">2022 Geistliches Konzert<\/td><td class=\"column-2\">O<\/td><td class=\"column-3\">\"Te Deum\"<br \/>\n\"Lobgesang\" (op.52)<\/td><td class=\"column-4\">Anton Bruckner<br \/>\nFelix Mendelssohn Bartholdy<br \/>\n<br \/>\n<\/td>\n<\/tr>\n<tr class=\"row-4\">\n\t<td class=\"column-1\">2022 Ostern<\/td><td class=\"column-2\">K<\/td><td class=\"column-3\">Messe in G-Dur (D167)<br \/>\n\"Halleluja\"<\/td><td class=\"column-4\">Franz Schubert<br \/>\nColin Mawby<br \/>\n<br \/>\n<\/td>\n<\/tr>\n<tr class=\"row-5\">\n\t<td class=\"column-1\">2021 Geistliches Konzert<\/td><td class=\"column-2\">O<\/td><td class=\"column-3\">\"Messe br\u00e8ve\"no.7<br \/>\n3 St\u00fccke aus \"Marienlieder\"<br \/>\n\"Maria durch ein Dornwald ging\"<\/td><td class=\"column-4\">Charles Gounod<br \/>\nJohannes Brahms<br \/>\nSatz von Gottfried Wolters<br \/>\n<br \/>\n<\/td>\n<\/tr>\n<tr class=\"row-6\">\n\t<td class=\"column-1\">2019 Geistliches Konzert <\/td><td class=\"column-2\">O<\/td><td class=\"column-3\">\"Berliner Messe\"<br \/>\nOratorio de No\u00ebl<\/td><td class=\"column-4\">Arvo P\u00e4rt<br \/>\nCamille Saint-Sa\u00ebns<\/td>\n<\/tr>\n<tr class=\"row-7\">\n\t<td class=\"column-1\">2019 Ostern<\/td><td class=\"column-2\">K<\/td><td class=\"column-3\">Messe in F-Dur f\u00fcr Gemischten Chor und Blechbl\u00e4ser <\/td><td class=\"column-4\">Rudolf Klary<\/td>\n<\/tr>\n<tr class=\"row-8\">\n\t<td class=\"column-1\">2018 Weihnachten<\/td><td class=\"column-2\">K<\/td><td class=\"column-3\">\"Missa solemnis\" in C-Dur (KV337)<br \/>\n\"Jauchzet,frohlocket\" BWV248<br \/>\n\"The very best time of year\" mit Kinderchor<\/td><td class=\"column-4\">W.A. Mozart<br \/>\nJ. S. Bach<br \/>\nJohn Rutter<\/td>\n<\/tr>\n<tr class=\"row-9\">\n\t<td class=\"column-1\">2018 Geistliches Konzert<\/td><td class=\"column-2\">O<\/td><td class=\"column-3\">MESSA DA REQUIEM<\/td><td class=\"column-4\">Giuseppe Verdi<\/td>\n<\/tr>\n<tr class=\"row-10\">\n\t<td class=\"column-1\">2018 Ostern<br \/>\n<\/td><td class=\"column-2\">K<\/td><td class=\"column-3\">Missa brevis in G<br \/>\n<br \/>\n\"Halleluja\" aus dem Oratorium \"Messias<br \/>\n<\/td><td class=\"column-4\">Christopher Tambling<br \/>\nGeorg Friedrich H\u00e4ndel<\/td>\n<\/tr>\n<tr class=\"row-11\">\n\t<td class=\"column-1\">2017 Weihnachten<\/td><td class=\"column-2\">K<\/td><td class=\"column-3\">Messe in G \"Nikolai-Messe\" Hob. XXII:6<br \/>\n\"Christmas Lullaby\" (mit dem Kinderchor der Gemeinde)<\/td><td class=\"column-4\">J. Haydn<br \/>\nJohn Rutter<\/td>\n<\/tr>\n<tr class=\"row-12\">\n\t<td class=\"column-1\">2017 Ostern<\/td><td class=\"column-2\">K<\/td><td class=\"column-3\">Deutsche Messe D872<\/td><td class=\"column-4\">F. Schubert  <\/td>\n<\/tr>\n<tr class=\"row-13\">\n\t<td class=\"column-1\">2017 Geistliches Konzert<\/td><td class=\"column-2\">O<\/td><td class=\"column-3\">Kantate Nr. 140 \"Wachet auf ruft uns die Stimme\"<br \/>\nund Werke von Hammerschmidt, Praetorius und Wolters<\/td><td class=\"column-4\">J. S. Bach<\/td>\n<\/tr>\n<tr class=\"row-14\">\n\t<td class=\"column-1\">2016 Weihnachten<\/td><td class=\"column-2\">K<\/td><td class=\"column-3\">Missa Sancti Gabrielis<\/td><td class=\"column-4\">Michael Haydn<\/td>\n<\/tr>\n<tr class=\"row-15\">\n\t<td class=\"column-1\">2016 Ostern<\/td><td class=\"column-2\">K<\/td><td class=\"column-3\"> Missa Brevis in B-Dur \"Sancti Joannis de Deo\" Hob. XXII:7<\/td><td class=\"column-4\">Joseph Haydn<\/td>\n<\/tr>\n<tr class=\"row-16\">\n\t<td class=\"column-1\">2015 Weihnachten<\/td><td class=\"column-2\">K<\/td><td class=\"column-3\">Credo-Messe KV 257<\/td><td class=\"column-4\">W. A. Mozart<\/td>\n<\/tr>\n<tr class=\"row-17\">\n\t<td class=\"column-1\">2015 Ostern<\/td><td class=\"column-2\">K<\/td><td class=\"column-3\">Missa brevis in F \"Jugendmesse\"<\/td><td class=\"column-4\">J. Haydn<\/td>\n<\/tr>\n<tr class=\"row-18\">\n\t<td class=\"column-1\">2015 Geistliches Konzert<\/td><td class=\"column-2\">O<\/td><td class=\"column-3\">Messe in D-Dur  op.86 <br \/>\n(u.a.)<\/td><td class=\"column-4\">A. Dvo\u0159\u00e1k<\/td>\n<\/tr>\n<tr class=\"row-19\">\n\t<td class=\"column-1\">2014 Weihnachten<\/td><td class=\"column-2\">K<\/td><td class=\"column-3\">Missa Solemnis KV 337<\/td><td class=\"column-4\">W. A. Mozart<\/td>\n<\/tr>\n<tr class=\"row-20\">\n\t<td class=\"column-1\">2014 Ostern<\/td><td class=\"column-2\">K<\/td><td class=\"column-3\">Spaur-Messe KV 258<\/td><td class=\"column-4\">W. A. Mozart<\/td>\n<\/tr>\n<tr class=\"row-21\">\n\t<td class=\"column-1\">2014 Geistliches Konzert<\/td><td class=\"column-2\">O<\/td><td class=\"column-3\">Ave verum KV 618<br \/>\nREQUIEM KV 626<\/td><td class=\"column-4\">W. A. Mozart<\/td>\n<\/tr>\n<tr class=\"row-22\">\n\t<td class=\"column-1\">2013 Weihnachten<\/td><td class=\"column-2\">K<\/td><td class=\"column-3\">Missa in G \"Nicolai-Messe\" Hob. XXII:6<\/td><td class=\"column-4\">J. Haydn<\/td>\n<\/tr>\n<tr class=\"row-23\">\n\t<td class=\"column-1\">2013 Ostern<\/td><td class=\"column-2\">K<\/td><td class=\"column-3\">Orgelsolo-Messe  KV 259<\/td><td class=\"column-4\">W. A. Mozart<\/td>\n<\/tr>\n<tr class=\"row-24\">\n\t<td class=\"column-1\">2013 Geistliches Konzert<\/td><td class=\"column-2\">O<\/td><td class=\"column-3\">Oratorium \"ELIAS\" op.70<\/td><td class=\"column-4\">F. Mendelssohn-Bartholdy<\/td>\n<\/tr>\n<tr class=\"row-25\">\n\t<td class=\"column-1\">2013 Adventskonzert<\/td><td class=\"column-2\">O<\/td><td class=\"column-3\">Laudate Dominum<br \/>\nCh\u00f6re aus dem \"ELIAS\"<\/td><td class=\"column-4\">W. A. Mozart<br \/>\nF. Mendelssohn-Bartholdy<\/td>\n<\/tr>\n<tr class=\"row-26\">\n\t<td class=\"column-1\">2012 Weihnachten<\/td><td class=\"column-2\">K<\/td><td class=\"column-3\">Spatzen-Messe  KV 220<\/td><td class=\"column-4\">W. A. Mozart<\/td>\n<\/tr>\n<tr class=\"row-27\">\n\t<td class=\"column-1\">2012 Ostern<\/td><td class=\"column-2\">K<\/td><td class=\"column-3\">Deutsche Messe D872<\/td><td class=\"column-4\">F. Schubert  <\/td>\n<\/tr>\n<tr class=\"row-28\">\n\t<td class=\"column-1\">2012 \"Lange nacht der Musik\" in der Epiphaniaskirche<\/td><td class=\"column-2\">O<\/td><td class=\"column-3\">Ausz\u00fcge aus dem Oratorium \"Elias\"<\/td><td class=\"column-4\">F. Mendelssohn-Bartholdy<\/td>\n<\/tr>\n<tr class=\"row-29\">\n\t<td class=\"column-1\">2011 Weihnachten<\/td><td class=\"column-2\">K<\/td><td class=\"column-3\">Credo-Messe KV 257<\/td><td class=\"column-4\">W. A. Mozart<\/td>\n<\/tr>\n<tr class=\"row-30\">\n\t<td class=\"column-1\">2011 Ostern<\/td><td class=\"column-2\">K<\/td><td class=\"column-3\">Missa brevis in F (\"Jugendmesse)<\/td><td class=\"column-4\">J. Haydn<\/td>\n<\/tr>\n<tr class=\"row-31\">\n\t<td class=\"column-1\">2011 Geistliches Konzert<br \/>\n20j\u00e4hriges Jubil\u00e4um des Oratorienchors<\/td><td class=\"column-2\">O<\/td><td class=\"column-3\">Weihnachtsoratorium Teil 1<br \/>\nGloria D-Dur<\/td><td class=\"column-4\">J. S. Bach<br \/>\nA. Vivaldi<\/td>\n<\/tr>\n<tr class=\"row-32\">\n\t<td class=\"column-1\">2010 Weihnachten<\/td><td class=\"column-2\">K<\/td><td class=\"column-3\">Missa solemnis KV 337<\/td><td class=\"column-4\">W. A. Mozart<\/td>\n<\/tr>\n<tr class=\"row-33\">\n\t<td class=\"column-1\">2010 Ostern<\/td><td class=\"column-2\">K<\/td><td class=\"column-3\">Spaur-Messe KV 258<\/td><td class=\"column-4\">W. A. Mozart<\/td>\n<\/tr>\n<tr class=\"row-34\">\n\t<td class=\"column-1\">2010 Geistliches Konzert<\/td><td class=\"column-2\">O<\/td><td class=\"column-3\">28.11. St. Peter und Paul<br \/>\n4.12.St. Hildegard, K\u00e4fertal<br \/>\nOratorio de No\u00ebl<\/td><td class=\"column-4\">C. Saint-Sa\u00ebns<\/td>\n<\/tr>\n<\/tbody>\n<\/table>\n\n","protected":false},"excerpt":{"rendered":"<p>Die Musik Zum Repertoire geh\u00f6ren u. a. Messen von\u00a0 Wolfgang Amadeus Mozart, Joseph und Michael Haydn, Franz Schubert, Antonin Dvo\u0159\u00e1k und viele Motetten alter und zeitgen\u00f6ssischer Meister wie John Rutter <a href=\"https:\/\/peterundpaul-choere.de\/chor_wp\/index.php\/ueber-uns\/musik-repertoire\/\" class=\"more-link\">[&hellip;]<\/a><\/p>\n","protected":false},"author":1,"featured_media":0,"parent":8,"menu_order":0,"comment_status":"closed","ping_status":"closed","template":"","meta":{"Layout":"","footnotes":""},"class_list":["entry","author-sloeb","post-78","page","type-page","status-publish"],"_links":{"self":[{"href":"https:\/\/peterundpaul-choere.de\/chor_wp\/index.php\/wp-json\/wp\/v2\/pages\/78","targetHints":{"allow":["GET"]}}],"collection":[{"href":"https:\/\/peterundpaul-choere.de\/chor_wp\/index.php\/wp-json\/wp\/v2\/pages"}],"about":[{"href":"https:\/\/peterundpaul-choere.de\/chor_wp\/index.php\/wp-json\/wp\/v2\/types\/page"}],"author":[{"embeddable":true,"href":"https:\/\/peterundpaul-choere.de\/chor_wp\/index.php\/wp-json\/wp\/v2\/users\/1"}],"replies":[{"embeddable":true,"href":"https:\/\/peterundpaul-choere.de\/chor_wp\/index.php\/wp-json\/wp\/v2\/comments?post=78"}],"version-history":[{"count":6,"href":"https:\/\/peterundpaul-choere.de\/chor_wp\/index.php\/wp-json\/wp\/v2\/pages\/78\/revisions"}],"predecessor-version":[{"id":308,"href":"https:\/\/peterundpaul-choere.de\/chor_wp\/index.php\/wp-json\/wp\/v2\/pages\/78\/revisions\/308"}],"up":[{"embeddable":true,"href":"https:\/\/peterundpaul-choere.de\/chor_wp\/index.php\/wp-json\/wp\/v2\/pages\/8"}],"wp:attachment":[{"href":"https:\/\/peterundpaul-choere.de\/chor_wp\/index.php\/wp-json\/wp\/v2\/media?parent=78"}],"curies":[{"name":"wp","href":"https:\/\/api.w.org\/{rel}","templated":true}]}}